{"id":758,"date":"2018-12-27T18:33:22","date_gmt":"2018-12-27T17:33:22","guid":{"rendered":"http:\/\/www.schwarzwaldverein-waldbronn.eu\/EU\/?page_id=758"},"modified":"2018-12-27T19:34:46","modified_gmt":"2018-12-27T18:34:46","slug":"chronik","status":"publish","type":"page","link":"https:\/\/www.schwarzwaldverein-waldbronn.eu\/EU\/chronik\/","title":{"rendered":"Chronik"},"content":{"rendered":"\n\t\t\t<!-- Cool Timeline Free V3.2 -->\n\t\t\t<div class=\"ctl-wrapper\" role=\"region\" aria-label=\"Timeline\">\n\t\t\t\t<div class=\"ctl-before-content\"><div class=\"timeline-main-title\"><h1>Schwarzwaldverein Waldbronn e.V.<\/h1><\/div><\/div>\t\t\t\t<div id=\"cool_timeline_1\" class=\"cool-timeline-wrapper ctl-both-sided ctl-vertical-wrapper\" >\n\t\t\t\t\t<div class=\"ctl-start\"><\/div>\n\t\t\t\t\t<!-- Timeline Container -->\n\t\t\t\t\t<div class=\"ctl-timeline ctl-timeline-container\" data-animation=\"none\">\n\t\t\t\t\t\t<!-- Center Line -->\n\t\t\t\t\t\t<div class=\"ctl-inner-line\" role=\"presentation\"><\/div>\n\t\t\t\t\t\t<!-- Story Year Section --><div data-cls=\"sc-nv-light vertical\" class=\"timeline-year scrollable-section ctl-year ctl-year-container light-year\" data-section-title=\"2025\" id=\"year-2025\"><div class=\"ctl-year-label ctl-year-text\"><span>2025<\/span><\/div><\/div><!-- Timeline Content --><div  id=\"ctl-story-2692\" class=\"ctl-story ctl-story-dot-icon odd ctl-story-right\" data-aos=\"none\"   data-story-index=\"1\" role=\"article\"><!-- Story Date --><div class=\"ctl-labels\"><div class=\"ctl-label-big story-date\">August 22<\/div><\/div><!-- Story IconDot --><div class=\"ctl-icondot\"><\/div> <!-- Story Arrow --><div class=\"ctl-arrow\"><\/div><!-- Story Content --><div class=\"ctl-content\"><!-- Story Title --><div class=\"ctl-title story-2692\" aria-label=\"2\"><a target=\"_self\" title=\"2025  50-Jahre Schwarzwaldverein-Waldbronn\" href=\"https:\/\/www.schwarzwaldverein-waldbronn.eu\/EU\/cool_timeline\/2025-50-jahre-schwarzwaldverein-waldbronn\/\" class=\"story-link\">2025  50-Jahre Schwarzwaldverein-Waldbronn<\/a><\/div><!-- Story Description --><div class=\"ctl-description\"><p><a href=\"https:\/\/\/\/www.schwarzwaldverein-waldbronn.eu\/EU\/wp-content\/uploads\/2025\/08\/2025080203_50-Jahre-SWV_Bericht_Jubilaeumsfeier_mit_EhrungenBildern_Homepage.pdf\" class=\"pdfemb-viewer\" data-width=\"max\" data-height=\"max\" data-toolbar=\"bottom\" data-toolbar-fixed=\"off\">2025080203_50-Jahre-SWV_Bericht_Jubilaeumsfeier_mit_EhrungenBildern_Homepage<\/a><\/p>\n<\/div><\/div><\/div><!-- Story Year Section --><div data-cls=\"sc-nv-light vertical\" class=\"timeline-year scrollable-section ctl-year ctl-year-container light-year\" data-section-title=\"2023\" id=\"year-2023\"><div class=\"ctl-year-label ctl-year-text\"><span>2023<\/span><\/div><\/div><!-- Timeline Content --><div  id=\"ctl-story-2057\" class=\"ctl-story ctl-story-dot-icon even ctl-story-left\" data-aos=\"none\"   data-story-index=\"2\" role=\"article\"><!-- Story Date --><div class=\"ctl-labels\"><div class=\"ctl-label-big story-date\">Januar 11<\/div><\/div><!-- Story IconDot --><div class=\"ctl-icondot\"><\/div> <!-- Story Arrow --><div class=\"ctl-arrow\"><\/div><!-- Story Content --><div class=\"ctl-content\"><!-- Story Title --><div class=\"ctl-title story-2057\" aria-label=\"2\"><a target=\"_self\" title=\"2021\" href=\"https:\/\/www.schwarzwaldverein-waldbronn.eu\/EU\/cool_timeline\/2021\/\" class=\"story-link\">2021<\/a><\/div><!-- Story Description --><div class=\"ctl-description\"><p>Mitglied im Projekt &#8222;Artenvielfalt&#8220; der Gemeinden Karlsbad und Waldbronn<\/p>\n<\/div><\/div><\/div><!-- Story Year Section --><div data-cls=\"sc-nv-light vertical\" class=\"timeline-year scrollable-section ctl-year ctl-year-container light-year\" data-section-title=\"2020\" id=\"year-2020\"><div class=\"ctl-year-label ctl-year-text\"><span>2020<\/span><\/div><\/div><!-- Timeline Content --><div  id=\"ctl-story-2056\" class=\"ctl-story ctl-story-dot-icon odd ctl-story-right\" data-aos=\"none\"   data-story-index=\"3\" role=\"article\"><!-- Story Date --><div class=\"ctl-labels\"><div class=\"ctl-label-big story-date\">Juni 16<\/div><\/div><!-- Story IconDot --><div class=\"ctl-icondot\"><\/div> <!-- Story Arrow --><div class=\"ctl-arrow\"><\/div><!-- Story Content --><div class=\"ctl-content\"><!-- Story Title --><div class=\"ctl-title story-2056\" aria-label=\"2\"><a target=\"_self\" title=\"2020\" href=\"https:\/\/www.schwarzwaldverein-waldbronn.eu\/EU\/cool_timeline\/2020\/\" class=\"story-link\">2020<\/a><\/div><!-- Story Description --><div class=\"ctl-description\"><p>Einbau einer netzgekoppelten Solarstromanlage mit Speicher. &nbsp; Neugestaltung der Terrainkurwege in Zusammenarbeit mit der Kurverwaltung.<\/p>\n<\/div><\/div><\/div><!-- Story Year Section --><div data-cls=\"sc-nv-light vertical\" class=\"timeline-year scrollable-section ctl-year ctl-year-container light-year\" data-section-title=\"2015\" id=\"year-2015\"><div class=\"ctl-year-label ctl-year-text\"><span>2015<\/span><\/div><\/div><!-- Timeline Content --><div  id=\"ctl-story-769\" class=\"ctl-story ctl-story-dot-icon even ctl-story-left\" data-aos=\"none\"   data-story-index=\"4\" role=\"article\"><!-- Story Date --><div class=\"ctl-labels\"><div class=\"ctl-label-big story-date\">Dezember 27<\/div><\/div><!-- Story IconDot --><div class=\"ctl-icondot\"><\/div> <!-- Story Arrow --><div class=\"ctl-arrow\"><\/div><!-- Story Content --><div class=\"ctl-content\"><!-- Story Title --><div class=\"ctl-title story-769\" aria-label=\"2\"><a target=\"_self\" title=\"2015\" href=\"https:\/\/www.schwarzwaldverein-waldbronn.eu\/EU\/cool_timeline\/2015\/\" class=\"story-link\">2015<\/a><\/div><!-- Story Description --><div class=\"ctl-description\"><p>40 Jahre Schwarzwaldverein Waldbronn e.V. &#8211; \u00dcbergabe einer Bank f\u00fcr den neugestalteten Grillplatz . Pflanzung eines Baumes im Kurpark und \u00dcbergabe einer Bank . 1.Vorsitzender Franz Linemann<\/p>\n<\/div><\/div><\/div><!-- Story Year Section --><div data-cls=\"sc-nv-light vertical\" class=\"timeline-year scrollable-section ctl-year ctl-year-container light-year\" data-section-title=\"2008\" id=\"year-2008\"><div class=\"ctl-year-label ctl-year-text\"><span>2008<\/span><\/div><\/div><!-- Timeline Content --><div  id=\"ctl-story-779\" class=\"ctl-story ctl-story-dot-icon odd ctl-story-right\" data-aos=\"none\"   data-story-index=\"5\" role=\"article\"><!-- Story Date --><div class=\"ctl-labels\"><div class=\"ctl-label-big story-date\">Juni 3<\/div><\/div><!-- Story IconDot --><div class=\"ctl-icondot\"><\/div> <!-- Story Arrow --><div class=\"ctl-arrow\"><\/div><!-- Story Content --><div class=\"ctl-content\"><!-- Story Title --><div class=\"ctl-title story-779\" aria-label=\"2\"><a target=\"_self\" title=\"2008\" href=\"https:\/\/www.schwarzwaldverein-waldbronn.eu\/EU\/cool_timeline\/2008\/\" class=\"story-link\">2008<\/a><\/div><!-- Story Description --><div class=\"ctl-description\"><p>Ausbau des Wanderheimes &amp; Einweihung des Naturklassenzimmers in Reichenbach .<\/p>\n<\/div><\/div><\/div><!-- Story Year Section --><div data-cls=\"sc-nv-light vertical\" class=\"timeline-year scrollable-section ctl-year ctl-year-container light-year\" data-section-title=\"2007\" id=\"year-2007\"><div class=\"ctl-year-label ctl-year-text\"><span>2007<\/span><\/div><\/div><!-- Timeline Content --><div  id=\"ctl-story-772\" class=\"ctl-story ctl-story-dot-icon even ctl-story-left\" data-aos=\"none\"   data-story-index=\"6\" role=\"article\"><!-- Story Date --><div class=\"ctl-labels\"><div class=\"ctl-label-big story-date\">Februar 27<\/div><\/div><!-- Story IconDot --><div class=\"ctl-icondot\"><\/div> <!-- Story Arrow --><div class=\"ctl-arrow\"><\/div><!-- Story Content --><div class=\"ctl-content\"><!-- Story Title --><div class=\"ctl-title story-772\" aria-label=\"2\"><a target=\"_self\" title=\"2007\" href=\"https:\/\/www.schwarzwaldverein-waldbronn.eu\/EU\/cool_timeline\/2007\/\" class=\"story-link\">2007<\/a><\/div><!-- Story Description --><div class=\"ctl-description\"><p>Errichtung der 6,50 m hohen Kletterwand auf dem Vereinsgel\u00e4nde. Fertigstellung der einheitlichen Wegemarkierung &#8220; Wegesystem 2000&#8243; . 1. Vorsitzender Herbert M\u00fcller<\/p>\n<\/div><\/div><\/div><!-- Story Year Section --><div data-cls=\"sc-nv-light vertical\" class=\"timeline-year scrollable-section ctl-year ctl-year-container light-year\" data-section-title=\"2006\" id=\"year-2006\"><div class=\"ctl-year-label ctl-year-text\"><span>2006<\/span><\/div><\/div><!-- Timeline Content --><div  id=\"ctl-story-775\" class=\"ctl-story ctl-story-dot-icon odd ctl-story-right\" data-aos=\"none\"   data-story-index=\"7\" role=\"article\"><!-- Story Date --><div class=\"ctl-labels\"><div class=\"ctl-label-big story-date\">M\u00e4rz 27<\/div><\/div><!-- Story IconDot --><div class=\"ctl-icondot\"><\/div> <!-- Story Arrow --><div class=\"ctl-arrow\"><\/div><!-- Story Content --><div class=\"ctl-content\"><!-- Story Title --><div class=\"ctl-title story-775\" aria-label=\"2\"><a target=\"_self\" title=\"2006\" href=\"https:\/\/www.schwarzwaldverein-waldbronn.eu\/EU\/cool_timeline\/2006\/\" class=\"story-link\">2006<\/a><\/div><!-- Story Description --><div class=\"ctl-description\"><p>Vorstandswechsel 1. Vorsitzender Kurt Moser<\/p>\n<\/div><\/div><\/div><!-- Story Year Section --><div data-cls=\"sc-nv-light vertical\" class=\"timeline-year scrollable-section ctl-year ctl-year-container light-year\" data-section-title=\"2001\" id=\"year-2001\"><div class=\"ctl-year-label ctl-year-text\"><span>2001<\/span><\/div><\/div><!-- Timeline Content --><div  id=\"ctl-story-782\" class=\"ctl-story ctl-story-dot-icon even ctl-story-left\" data-aos=\"none\"   data-story-index=\"8\" role=\"article\"><!-- Story Date --><div class=\"ctl-labels\"><div class=\"ctl-label-big story-date\">August 28<\/div><\/div><!-- Story IconDot --><div class=\"ctl-icondot\"><\/div> <!-- Story Arrow --><div class=\"ctl-arrow\"><\/div><!-- Story Content --><div class=\"ctl-content\"><!-- Story Title --><div class=\"ctl-title story-782\" aria-label=\"2\"><a target=\"_self\" title=\"2001\" href=\"https:\/\/www.schwarzwaldverein-waldbronn.eu\/EU\/cool_timeline\/2001\/\" class=\"story-link\">2001<\/a><\/div><!-- Story Description --><div class=\"ctl-description\"><p>Sanierung des denkmalgesch\u00fctzten Fachwerkhauses.<\/p>\n<\/div><\/div><\/div><!-- Story Year Section --><div data-cls=\"sc-nv-light vertical\" class=\"timeline-year scrollable-section ctl-year ctl-year-container light-year\" data-section-title=\"2000\" id=\"year-2000\"><div class=\"ctl-year-label ctl-year-text\"><span>2000<\/span><\/div><\/div><!-- Timeline Content --><div  id=\"ctl-story-770\" class=\"ctl-story ctl-story-dot-icon odd ctl-story-right\" data-aos=\"none\"   data-story-index=\"9\" role=\"article\"><!-- Story Date --><div class=\"ctl-labels\"><div class=\"ctl-label-big story-date\">Mai 5<\/div><\/div><!-- Story IconDot --><div class=\"ctl-icondot\"><\/div> <!-- Story Arrow --><div class=\"ctl-arrow\"><\/div><!-- Story Content --><div class=\"ctl-content\"><!-- Story Title --><div class=\"ctl-title story-770\" aria-label=\"2\"><a target=\"_self\" title=\"2000\" href=\"https:\/\/www.schwarzwaldverein-waldbronn.eu\/EU\/cool_timeline\/2000\/\" class=\"story-link\">2000<\/a><\/div><!-- Story Description --><div class=\"ctl-description\"><p>25 Jahre Schwarzwaldverein Waldbronn e.V. -\u00dcbergabe einer Sitzgruppe am Brunnenplatz in Reichenbach.<\/p>\n<\/div><\/div><\/div><!-- Story Year Section --><div data-cls=\"sc-nv-light vertical\" class=\"timeline-year scrollable-section ctl-year ctl-year-container light-year\" data-section-title=\"1992\" id=\"year-1992\"><div class=\"ctl-year-label ctl-year-text\"><span>1992<\/span><\/div><\/div><!-- Timeline Content --><div  id=\"ctl-story-773\" class=\"ctl-story ctl-story-dot-icon even ctl-story-left\" data-aos=\"none\"   data-story-index=\"10\" role=\"article\"><!-- Story Date --><div class=\"ctl-labels\"><div class=\"ctl-label-big story-date\">Mai 27<\/div><\/div><!-- Story IconDot --><div class=\"ctl-icondot\"><\/div> <!-- Story Arrow --><div class=\"ctl-arrow\"><\/div><!-- Story Content --><div class=\"ctl-content\"><!-- Story Title --><div class=\"ctl-title story-773\" aria-label=\"2\"><a target=\"_self\" title=\"1992\" href=\"https:\/\/www.schwarzwaldverein-waldbronn.eu\/EU\/cool_timeline\/1992\/\" class=\"story-link\">1992<\/a><\/div><!-- Story Description --><div class=\"ctl-description\"><p>Sanierung des Fachwerkteils am Wanderheim<\/p>\n<\/div><\/div><\/div><!-- Story Year Section --><div data-cls=\"sc-nv-light vertical\" class=\"timeline-year scrollable-section ctl-year ctl-year-container light-year\" data-section-title=\"1976\" id=\"year-1976\"><div class=\"ctl-year-label ctl-year-text\"><span>1976<\/span><\/div><\/div><!-- Timeline Content --><div  id=\"ctl-story-771\" class=\"ctl-story ctl-story-dot-icon odd ctl-story-right\" data-aos=\"none\"   data-story-index=\"11\" role=\"article\"><!-- Story Date --><div class=\"ctl-labels\"><div class=\"ctl-label-big story-date\">Juni 27<\/div><\/div><!-- Story IconDot --><div class=\"ctl-icondot\"><\/div> <!-- Story Arrow --><div class=\"ctl-arrow\"><\/div><!-- Story Content --><div class=\"ctl-content\"><!-- Story Title --><div class=\"ctl-title story-771\" aria-label=\"2\"><a target=\"_self\" title=\"1976\" href=\"https:\/\/www.schwarzwaldverein-waldbronn.eu\/EU\/cool_timeline\/1976\/\" class=\"story-link\">1976<\/a><\/div><!-- Story Description --><div class=\"ctl-description\"><p>Gr\u00fcndung der Skiabteilung .<\/p>\n<\/div><\/div><\/div><!-- Story Year Section --><div data-cls=\"sc-nv-light vertical\" class=\"timeline-year scrollable-section ctl-year ctl-year-container light-year\" data-section-title=\"1975\" id=\"year-1975\"><div class=\"ctl-year-label ctl-year-text\"><span>1975<\/span><\/div><\/div><!-- Timeline Content --><div  id=\"ctl-story-765\" class=\"ctl-story ctl-story-dot-icon even ctl-story-left\" data-aos=\"none\"   data-story-index=\"12\" role=\"article\"><!-- Story Date --><div class=\"ctl-labels\"><div class=\"ctl-label-big story-date\">August 22<\/div><\/div><!-- Story IconDot --><div class=\"ctl-icondot\"><\/div> <!-- Story Arrow --><div class=\"ctl-arrow\"><\/div><!-- Story Content --><div class=\"ctl-content\"><!-- Story Title --><div class=\"ctl-title story-765\" aria-label=\"2\"><a target=\"_self\" title=\"Chronik Schwarzwaldverein-Waldbronn e.V\" href=\"https:\/\/www.schwarzwaldverein-waldbronn.eu\/EU\/cool_timeline\/chronik-schwarzwaldverein-waldbronn-e-v\/\" class=\"story-link\">Chronik Schwarzwaldverein-Waldbronn e.V<\/a><\/div><!-- Story Description --><div class=\"ctl-description\"><p>22.08.1975 Mit 14 Gr\u00fcndungsmitgliedern wurde der\u00a0 Schwarzwaldverein Waldbronn e.V. gegr\u00fcndet . 1.Vorsitzender war Paul Klahr. &nbsp;<\/p>\n<\/div><\/div><\/div>\t\t\t\t\t<\/div>\n\t\t\t\t\t<div class=\"ctl-end\"><\/div>\n\t\t\t\t\t\t\t\t\t<\/div>\n\t\t\t<\/div>\n\t\t\t\n","protected":false},"excerpt":{"rendered":"<div class=\"mh-excerpt\"><\/div>","protected":false},"author":1,"featured_media":0,"parent":0,"menu_order":0,"comment_status":"closed","ping_status":"closed","template":"","meta":{"_price":"","_stock":"","_tribe_ticket_header":"","_tribe_default_ticket_provider":"","_ticket_start_date":"","_ticket_end_date":"","_tribe_ticket_show_description":"","_tribe_ticket_show_not_going":false,"_tribe_ticket_use_global_stock":"","_tribe_ticket_global_stock_level":"","_global_stock_mode":"","_global_stock_cap":"","_tribe_rsvp_for_event":"","_tribe_ticket_going_count":"","_tribe_ticket_not_going_count":"","_tribe_tickets_list":"[]","_tribe_ticket_has_attendee_info_fields":false,"footnotes":"","_tec_slr_enabled":"","_tec_slr_layout":""},"class_list":["post-758","page","type-page","status-publish"],"ticketed":false,"_links":{"self":[{"href":"https:\/\/www.schwarzwaldverein-waldbronn.eu\/EU\/wp-json\/wp\/v2\/pages\/758","targetHints":{"allow":["GET"]}}],"collection":[{"href":"https:\/\/www.schwarzwaldverein-waldbronn.eu\/EU\/wp-json\/wp\/v2\/pages"}],"about":[{"href":"https:\/\/www.schwarzwaldverein-waldbronn.eu\/EU\/wp-json\/wp\/v2\/types\/page"}],"author":[{"embeddable":true,"href":"https:\/\/www.schwarzwaldverein-waldbronn.eu\/EU\/wp-json\/wp\/v2\/users\/1"}],"replies":[{"embeddable":true,"href":"https:\/\/www.schwarzwaldverein-waldbronn.eu\/EU\/wp-json\/wp\/v2\/comments?post=758"}],"version-history":[{"count":3,"href":"https:\/\/www.schwarzwaldverein-waldbronn.eu\/EU\/wp-json\/wp\/v2\/pages\/758\/revisions"}],"predecessor-version":[{"id":1677,"href":"https:\/\/www.schwarzwaldverein-waldbronn.eu\/EU\/wp-json\/wp\/v2\/pages\/758\/revisions\/1677"}],"wp:attachment":[{"href":"https:\/\/www.schwarzwaldverein-waldbronn.eu\/EU\/wp-json\/wp\/v2\/media?parent=758"}],"curies":[{"name":"wp","href":"https:\/\/api.w.org\/{rel}","templated":true}]}}